{"id":999,"date":"2021-04-28T08:01:07","date_gmt":"2021-04-28T08:01:07","guid":{"rendered":"http:\/\/148.228.31.43\/anteproyecto_ley\/?page_id=999"},"modified":"2021-05-02T22:44:06","modified_gmt":"2021-05-03T03:44:06","slug":"foros","status":"publish","type":"page","link":"https:\/\/consulta.conacyt.mx\/?page_id=999","title":{"rendered":"Participa con tu opini\u00f3n"},"content":{"rendered":"\n<div class=\"wp-block-columns is-layout-flex wp-container-core-columns-is-layout-9d6595d7 wp-block-columns-is-layout-flex\">\n<div class=\"wp-block-column is-layout-flow wp-block-column-is-layout-flow\"><\/div>\n\n\n\n<div class=\"wp-block-column is-layout-flow wp-block-column-is-layout-flow\">\n<div class=\"wp-block-buttons is-layout-flex wp-block-buttons-is-layout-flex\">\n<div class=\"wp-block-button\"><a class=\"wp-block-button__link has-background\" href=\"?page_id=3\" style=\"border-radius:50px;background-color:#022663\"><strong>Aviso de Privacidad<\/strong><\/a><\/div>\n\n\n\n<div class=\"wp-block-button\"><a class=\"wp-block-button__link has-background\" href=\"?page_id=1649\" style=\"border-radius:50px;background-color:#022663\"><strong>C\u00f3digo de Conducta<\/strong><\/a><\/div>\n<\/div>\n<\/div>\n<\/div>\n\n\n\n<p style=\"font-size:17px\">Con el prop\u00f3sito de garantizar la expresi\u00f3n de los diversos sectores y actores plurales que conforman la comunidad de humanidades, ciencias, tecnolog\u00edas e innovaci\u00f3n de M\u00e9xico, as\u00ed como de facilitar la presentaci\u00f3n de propuestas y comentarios en relaci\u00f3n con el Anteproyecto de Ley General en Materia de Humanidades, Ciencias, Tecnolog\u00edas e Innovaci\u00f3n, el Conacyt pone a disposici\u00f3n de todas y todos los interesados la presente Plataforma de Consulta en torno a los siguientes ejes:<\/p>\n\n\n\n<p style=\"font-size:17px\">Ejes principales:<\/p>\n\n\n\n<div class=\"wp-block-pb-accordion-item c-accordion__item js-accordion-item no-js\" data-initially-open=\"false\" data-click-to-close=\"true\" data-auto-close=\"true\" data-scroll=\"false\" data-scroll-offset=\"0\"><h2 id=\"at-9990\" class=\"c-accordion__title js-accordion-controller\" role=\"button\"><strong>Derecho humano a la ciencia<\/strong><\/h2><div id=\"ac-9990\" class=\"c-accordion__content\">\n<p style=\"font-size:17px\">El Anteproyecto se fundamenta en el principio universal del derecho humano a la ciencia, previsto en la Constituci\u00f3n Pol\u00edtica de los Estados Unidos Mexicanos desde 2019 y contenido en diversos tratados internacionales, como la Declaraci\u00f3n Universal de Derechos Humanos de 1948. El derecho humano a la ciencia constituye la columna vertebral de la iniciativa y entre sus objetivos est\u00e1 el establecer y regular las obligaciones del Estado para garantizar su ejercicio efectivo, destacando su relevancia y vinculaci\u00f3n con otros derechos fundamentales. Adem\u00e1s, reconoce la libertad de investigaci\u00f3n, incluida la libertad de c\u00e1tedra y de expresi\u00f3n, as\u00ed como la autonom\u00eda de las universidades e instituciones p\u00fablicas de educaci\u00f3n superior aut\u00f3nomas por Ley.<\/p>\n<\/div><\/div>\n\n\n\n<div class=\"wp-block-pb-accordion-item c-accordion__item js-accordion-item no-js\" data-initially-open=\"false\" data-click-to-close=\"true\" data-auto-close=\"true\" data-scroll=\"false\" data-scroll-offset=\"0\"><h2 id=\"at-9991\" class=\"c-accordion__title js-accordion-controller\" role=\"button\">Rector\u00eda y democratizaci\u00f3n del Sistema Nacional de HCTI<\/h2><div id=\"ac-9991\" class=\"c-accordion__content\">\n<p style=\"font-size:17px\">El Anteproyecto establece un Sistema Nacional de Humanidades, Ciencias, Tecnolog\u00edas e Innovaci\u00f3n, plural e incluyente; integrado por representantes del gobierno federal, de las entidades federativas, municipios y demarcaciones territoriales de la Ciudad de M\u00e9xico, as\u00ed como por los sectores social y privado, adem\u00e1s de todos aquellos actores que participan en actividades en la materia. De igual manera, se prev\u00e9 la constituci\u00f3n de un Consejo de Estado como \u00f3rgano rector del Sistema y la participaci\u00f3n de las autoridades federales y locales en la materia como responsables de la pol\u00edtica nacional y local, respectivamente.<\/p>\n\n\n\n<p style=\"font-size:17px\">Al tratarse de un ordenamiento de car\u00e1cter general, el Anteproyecto impulsa la descentralizaci\u00f3n y federalizaci\u00f3n del sector de HCTI, por lo que contempla la distribuci\u00f3n de competencias entre los tres \u00f3rdenes de gobierno y establece mecanismos intergubernamentales de coordinaci\u00f3n, articulaci\u00f3n y participaci\u00f3n.<\/p>\n<\/div><\/div>\n\n\n\n<div class=\"wp-block-pb-accordion-item c-accordion__item js-accordion-item no-js\" data-initially-open=\"false\" data-click-to-close=\"true\" data-auto-close=\"true\" data-scroll=\"false\" data-scroll-offset=\"0\"><h2 id=\"at-9992\" class=\"c-accordion__title js-accordion-controller\" role=\"button\">Ciencia b\u00e1sica, investigaci\u00f3n de frontera e incidencia de las HCTI en la atenci\u00f3n de problemas nacionales<\/h2><div id=\"ac-9992\" class=\"c-accordion__content\">\n<p style=\"font-size:17px\">El Anteproyecto prev\u00e9 expresamente el compromiso del Estado de apoyar la investigaci\u00f3n de frontera y la ciencia b\u00e1sica, en todas las \u00e1reas y campos del conocimiento, as\u00ed como el acceso universal a sus beneficios y su difusi\u00f3n, divulgaci\u00f3n y apropiaci\u00f3n social.<\/p>\n\n\n\n<p style=\"font-size:17px\">Para que la ciencia pueda contribuir a la atenci\u00f3n de grandes problemas nacionales se requiere de la generaci\u00f3n continua de nuevo conocimiento. En este sentido, la articulaci\u00f3n de la ciencia b\u00e1sica y la investigaci\u00f3n de frontera con las actividades en materia de humanidades, ciencias, tecnolog\u00edas e innovaci\u00f3n orientadas a incidir o atender asuntos estrat\u00e9gicos o prioritarios para el desarrollo nacional, permitir\u00e1 garantizar que los beneficios p\u00fablicos de los avances cient\u00edficos y tecnol\u00f3gicos contribuyan al fortalecimiento de la soberan\u00eda nacional, el desarrollo integral del pa\u00eds y el bienestar del pueblo de M\u00e9xico.<\/p>\n<\/div><\/div>\n\n\n\n<div class=\"wp-block-pb-accordion-item c-accordion__item js-accordion-item no-js\" data-initially-open=\"false\" data-click-to-close=\"true\" data-auto-close=\"true\" data-scroll=\"false\" data-scroll-offset=\"0\"><h2 id=\"at-9993\" class=\"c-accordion__title js-accordion-controller\" role=\"button\"><strong>Participaci\u00f3n de las comunidades y las<\/strong> <strong>instituciones de educaci\u00f3n superior en las actividades de HCTI<\/strong><\/h2><div id=\"ac-9993\" class=\"c-accordion__content\">\n<p style=\"font-size:17px\">El Anteproyecto contempla a las instituciones de educaci\u00f3n superior como parte fundamental del Sistema Nacional de Humanidades, Ciencias, Tecnolog\u00edas e Innovaci\u00f3n y reconoce la pluralidad de estas instituciones p\u00fablicas, as\u00ed como de los actores sociales y privados en el sector. Prev\u00e9 su intervenci\u00f3n en el dise\u00f1o, ejecuci\u00f3n y evaluaci\u00f3n de las pol\u00edticas en la materia, tanto en los \u00e1mbitos federal, local y municipal, ya sea en los \u00f3rganos colegiados, o bien, de manera directa, con el prop\u00f3sito de garantizar la prevalencia del inter\u00e9s p\u00fablico, as\u00ed como en la operaci\u00f3n de los diversos mecanismos e instrumentos p\u00fablicos de fomento y apoyo, particularmente en las relaciones con la educaci\u00f3n y la cultura.<\/p>\n<\/div><\/div>\n\n\n\n<div class=\"wp-block-pb-accordion-item c-accordion__item js-accordion-item no-js\" data-initially-open=\"false\" data-click-to-close=\"true\" data-auto-close=\"true\" data-scroll=\"false\" data-scroll-offset=\"0\"><h2 id=\"at-9994\" class=\"c-accordion__title js-accordion-controller\" role=\"button\">Consolidaci\u00f3n del Sistema Nacional de Centros P\u00fablicos<br\/><\/h2><div id=\"ac-9994\" class=\"c-accordion__content\">\n<p style=\"font-size:17px\">El Anteproyecto reconoce a los Centros P\u00fablicos como instituciones fundamentales para el fortalecimiento de la comunidad y el desarrollo de investigaciones de frontera en diversas \u00e1reas del conocimiento, as\u00ed como para alcanzar y consolidar la independencia cient\u00edfica y tecnol\u00f3gica del pa\u00eds y brindar al Estado mexicano la solvencia cient\u00edfica, tecnol\u00f3gica y de innovaci\u00f3n indispensable para la comprensi\u00f3n y atenci\u00f3n integral de problem\u00e1ticas nacionales y, en general, para la toma de decisiones en asuntos p\u00fablicos.<\/p>\n\n\n\n<p style=\"font-size:17px\">El Anteproyecto contempla las bases generales de articulaci\u00f3n del Sistema Nacional de Centros P\u00fablicos de Investigaci\u00f3n Human\u00edstica y Cient\u00edfica, Desarrollo Tecnol\u00f3gico e Innovaci\u00f3n; regula el gobierno y administraci\u00f3n de los Centros P\u00fablicos y prev\u00e9 su armonizaci\u00f3n normativa, incorporando \u00f3rganos de participaci\u00f3n y consulta de la comunidad de los Centros P\u00fablicos.<\/p>\n\n\n\n<p style=\"font-size:17px\">Tambi\u00e9n reconoce, de manera expl\u00edcita, la autonom\u00eda t\u00e9cnica, de gesti\u00f3n y presupuestaria de los Centros P\u00fablicos, conforme a la legislaci\u00f3n aplicable y sus instrumentos de creaci\u00f3n, en el marco de un aut\u00e9ntico Sistema Nacional de Centros P\u00fablicos.<\/p>\n<\/div><\/div>\n\n\n\n<div class=\"wp-block-pb-accordion-item c-accordion__item js-accordion-item no-js\" data-initially-open=\"false\" data-click-to-close=\"true\" data-auto-close=\"true\" data-scroll=\"false\" data-scroll-offset=\"0\"><h2 id=\"at-9995\" class=\"c-accordion__title js-accordion-controller\" role=\"button\">Concurrencia sectorial y financiamiento en HCTI<br\/><\/h2><div id=\"ac-9995\" class=\"c-accordion__content\">\n<p style=\"font-size:17px\">El Anteproyecto establece la obligaci\u00f3n del Estado de proveer recursos y est\u00edmulos oportunos, suficientes y adecuados para las actividades de humanidades, ciencias, tecnolog\u00edas e innovaci\u00f3n, de manera irreductible y progresiva, y que el presupuesto se distribuya en las actividades sustantivas del sector.<\/p>\n\n\n\n<p style=\"font-size:17px\">Asimismo, contempla que, para el financiamiento de las actividades de humanidades, ciencias, tecnolog\u00edas e innovaci\u00f3n, puedan concurrir en el gasto nacional la federaci\u00f3n y las entidades federativas, as\u00ed como los sectores social y privado.<\/p>\n\n\n\n<p style=\"font-size:17px\">Adem\u00e1s, prev\u00e9 el establecimiento de mecanismos e instrumentos locales definidos por las entidades federativas, a la vez que regula los mecanismos e instrumentos del gobierno federal, entre ellos: becas, reconocimientos y premios; el Sistema Nacional de Investigadores; los programas presupuestarios, los est\u00edmulos fiscales y facilidades administrativas; la vinculaci\u00f3n corresponsable con el sector productivo; los apoyos para el desarrollo de tecnolog\u00edas estrat\u00e9gicas y la consolidaci\u00f3n del ecosistema nacional de innovaci\u00f3n abierta; las acciones en materia de educaci\u00f3n y cultura, y los convenios de colaboraci\u00f3n y coordinaci\u00f3n.<\/p>\n\n\n\n<p style=\"font-size:17px\">Con el prop\u00f3sito de apuntalar la rector\u00eda econ\u00f3mica del Estado mexicano, el Anteproyecto establece que el Consejo Nacional ser\u00e1 el responsable de coordinar el programa nacional de innovaci\u00f3n, adem\u00e1s de que se le faculta para fomentar la constituci\u00f3n de empresas de base cient\u00edfica y tecnol\u00f3gica, as\u00ed como para velar porque la propiedad intelectual que se financie con recursos p\u00fablicos, a trav\u00e9s de la propia instituci\u00f3n, redunde en el bienestar social.<\/p>\n<\/div><\/div>\n\n\n\n<div class=\"wp-block-pb-accordion-item c-accordion__item js-accordion-item no-js\" data-initially-open=\"false\" data-click-to-close=\"true\" data-auto-close=\"true\" data-scroll=\"false\" data-scroll-offset=\"0\"><h2 id=\"at-9996\" class=\"c-accordion__title js-accordion-controller\" role=\"button\">Otros<\/h2><div id=\"ac-9996\" class=\"c-accordion__content\">\n<p style=\"font-size:17px\">El Anteproyecto de Ley General en Materia de Humanidades, Ciencias, Tecnolog\u00edas e Innovaci\u00f3n hace referencia a una gran diversidad de temas pertinentes para las actividades del sector, cuyos retos exigen propuestas normativas concretas y arm\u00f3nicas, que no necesariamente entran en los ejes planteados. Por lo anterior, resulta indispensable contar con una opci\u00f3n que permita a la comunidad expresar sus comentarios u observaciones sobre el Anteproyecto en \u00e1reas muy espec\u00edficas o distintas a las propuestas en los ejes.<\/p>\n<\/div><\/div>\n\n\n\n<p style=\"font-size:17px\">En el Conacyt estamos convencidos de que la creaci\u00f3n de estos espacios de consulta propicia y fortalece la participaci\u00f3n libre y plural de las y los miembros de la comunidad, quienes con sus comentarios y propuestas enriquecen el contenido del Anteproyecto.<\/p>\n\n\n\n<p style=\"font-size:17px\">Para poder participar es necesario registrarse, por lo que te invitamos a leer el <strong><a href=\"?page_id=1649\">C\u00f3digo de Conducta<\/a><\/strong> y el<strong><a href=\"?page_id=3\"> Aviso de Privacidad<\/a><\/strong>.<\/p>\n\n\n\n<div id=\"af-wrapper\"><div id=\"forum-header\"><div id=\"forum-navigation-mobile\"><a><span class=\"fas fa-bars\"><\/span>Men\u00fa<\/a><\/div><span class=\"screen-reader-text\">Navegaci\u00f3n del Foro<\/span><div id=\"forum-navigation\"><a class=&quot;home-link&quot; href=\"https:\/\/consulta.conacyt.mx\/?page_id=1162\" target=\"_self\">Foro<\/a><a class=&quot;activity-link&quot; href=\"https:\/\/consulta.conacyt.mx\/?page_id=1162&#038;view=activity\" target=\"_self\">Actividad<\/a><a class=&quot;login-link&quot; href=\"https:\/\/consulta.conacyt.mx\/?action=login&#038;redirect_to=http%3A%2F%2Fconsulta.conacyt.mx%2Findex.php%3Frest_route%3D%252Fwp%252Fv2%252Fpages%252F999\" target=\"_self\">Iniciar sesi\u00f3n<\/a><a class=&quot;register-link&quot; href=\"https:\/\/consulta.conacyt.mx\/?action=register\" target=\"_self\">Registro<\/a><\/div><div id=\"forum-search\"><span class=\"search-icon fas fa-search\"><\/span><form method=\"get\" action=\"https:\/\/consulta.conacyt.mx\/?page_id=1162&#038;view=search\"><input name=\"view\" type=\"hidden\" value=\"search\"><input name=\"keywords\" type=\"search\" placeholder=\"Buscar ...\" value=\"\"><\/form><\/div><div class=\"clear\"><\/div><\/div><div id=\"forum-breadcrumbs\" itemscope itemtype=\"http:\/\/schema.org\/BreadcrumbList\"><span class=\"screen-reader-text\">Migajas del Foro - Te encuentras aqu\u00ed:<\/span><span class=\"breadcrumb-icon fas fa-home\"><\/span><span itemprop=\"itemListElement\" itemscope itemtype=\"https:\/\/schema.org\/ListItem\"><a itemprop=\"item\" href=\"https:\/\/consulta.conacyt.mx\/?page_id=1162\" title=\"Foro\"><span itemprop=\"name\">Foro<\/span><\/a><meta itemprop=\"position\" content=\"1\"><\/span><span class=\"breadcrumb-icon fas fa-chevron-right separator\"><\/span><\/div><h1 class=\"main-title main-title-\">Foro<\/h1><div class=\"notice\">\u00a1A\u00fan no hay categor\u00edas!<\/div><div id=\"bottom-navigation\"><\/div><div class=\"clear\"><\/div><\/div>\n\n\n\n<div class=\"wp-block-buttons is-content-justification-center is-layout-flex wp-block-buttons-is-layout-flex\">\n<div class=\"wp-block-button is-style-outline is-style-outline--1\"><a class=\"wp-block-button__link has-white-color has-text-color has-background\" href=\"?index.php\" style=\"border-radius:50px;background-color:#022663\"><strong>REGRESAR<\/strong><\/a><\/div>\n<\/div>\n\n\n\n<p><\/p>\n","protected":false},"excerpt":{"rendered":"<p>Con el prop\u00f3sito de garantizar la expresi\u00f3n de los diversos sectores y actores plurales que conforman la comunidad de humanidades, ciencias, tecnolog\u00edas e innovaci\u00f3n de M\u00e9xico, as\u00ed como de facilitar la presentaci\u00f3n de propuestas y comentarios en relaci\u00f3n con el Anteproyecto de Ley General en Materia de Humanidades, Ciencias, Tecnolog\u00edas e Innovaci\u00f3n, el Conacyt pone [&hellip;]<\/p>\n","protected":false},"author":1,"featured_media":0,"parent":0,"menu_order":0,"comment_status":"closed","ping_status":"closed","template":"","meta":{"footnotes":""},"class_list":["post-999","page","type-page","status-publish","hentry","entry"],"_links":{"self":[{"href":"https:\/\/consulta.conacyt.mx\/index.php?rest_route=\/wp\/v2\/pages\/999","targetHints":{"allow":["GET"]}}],"collection":[{"href":"https:\/\/consulta.conacyt.mx\/index.php?rest_route=\/wp\/v2\/pages"}],"about":[{"href":"https:\/\/consulta.conacyt.mx\/index.php?rest_route=\/wp\/v2\/types\/page"}],"author":[{"embeddable":true,"href":"https:\/\/consulta.conacyt.mx\/index.php?rest_route=\/wp\/v2\/users\/1"}],"replies":[{"embeddable":true,"href":"https:\/\/consulta.conacyt.mx\/index.php?rest_route=%2Fwp%2Fv2%2Fcomments&post=999"}],"version-history":[{"count":27,"href":"https:\/\/consulta.conacyt.mx\/index.php?rest_route=\/wp\/v2\/pages\/999\/revisions"}],"predecessor-version":[{"id":1803,"href":"https:\/\/consulta.conacyt.mx\/index.php?rest_route=\/wp\/v2\/pages\/999\/revisions\/1803"}],"wp:attachment":[{"href":"https:\/\/consulta.conacyt.mx\/index.php?rest_route=%2Fwp%2Fv2%2Fmedia&parent=999"}],"curies":[{"name":"wp","href":"https:\/\/api.w.org\/{rel}","templated":true}]}}